{"id":68,"date":"2024-09-03T01:21:08","date_gmt":"2024-09-03T01:21:08","guid":{"rendered":"https:\/\/www.em.com.br\/emfoco\/?page_id=68"},"modified":"2024-11-05T22:33:20","modified_gmt":"2024-11-06T01:33:20","slug":"home","status":"publish","type":"page","link":"https:\/\/www.em.com.br\/emfoco\/home\/","title":{"rendered":"Home"},"content":{"rendered":"<div class=\"wpb-content-wrapper\"><p>[vc_row vc_row_background=&#8221;&#8221; css=&#8221;.vc_custom_1630555487733{margin-top: 20px !important;}&#8221;][vc_column]<div  class=\"jeg_heroblock jeg_heroblock_5 jeg_col_3o3 jeg_hero_style_1 jnews_module__0_6a9a3763f311c vc_custom_1730856608675 \" data-margin=\"0\" >\n                <div class=\"jeg_hero_wrapper\"><div class=\"jeg_heroblock_wrapper\" style='margin: 0px 0px -0px -0px;'>\n\t                <article class=\"jeg_post jeg_hero_item_1 format-standard\" style=\"padding: 0 0 0px 0px;\">\n                        <div class=\"jeg_block_container\">\n                            \n                            <span class=\"jeg_postformat_icon\"><\/span>\n                            <div class=\"jeg_thumb\">\n                                <a href=\"https:\/\/www.em.com.br\/emfoco\/2026\/09\/03\/pesquisadores-analisam-fossos-de-6-000-anos-que-podem-guardar-sinais-de-uma-das-primeiras-celebracoes-de-vitoria-da-europa\/\" aria-label=\"Read article: Pesquisadores analisam fossos de 6.000 anos que podem guardar sinais de uma das primeiras celebra\u00e7\u00f5es de vit\u00f3ria da Europa\"><div class=\"thumbnail-container thumbnail-background\" data-src=\"https:\/\/www.em.com.br\/emfoco\/wp-content\/uploads\/2026\/09\/foosol-750x421.jpg\" >\n                        <div class=\"lazyloaded\" data-src=\"https:\/\/www.em.com.br\/emfoco\/wp-content\/uploads\/2026\/09\/foosol-750x421.jpg\" style=\"background-image: url(https:\/\/www.em.com.br\/emfoco\/wp-content\/uploads\/2026\/09\/foosol-750x421.jpg)\"><\/div>\n                    <\/div><\/a>\n                            <\/div>\n                            <div class=\"jeg_postblock_content\">\n                                <div class=\"jeg_post_category\"><a href=\"https:\/\/www.em.com.br\/emfoco\/categoria\/entretenimento\/\" class=\"category-entretenimento\">Entretenimento<\/a><\/div>\n                                <div class=\"jeg_post_info\">\n                                    <h2 class=\"jeg_post_title\">\n                                        <a href=\"https:\/\/www.em.com.br\/emfoco\/2026\/09\/03\/pesquisadores-analisam-fossos-de-6-000-anos-que-podem-guardar-sinais-de-uma-das-primeiras-celebracoes-de-vitoria-da-europa\/\" aria-label=\"Read article: Pesquisadores analisam fossos de 6.000 anos que podem guardar sinais de uma das primeiras celebra\u00e7\u00f5es de vit\u00f3ria da Europa\">Pesquisadores analisam fossos de 6.000 anos que podem guardar sinais de uma das primeiras celebra\u00e7\u00f5es de vit\u00f3ria da Europa<\/a>\n                                    <\/h2>\n                                    <div class=\"jeg_post_meta\"><div class=\"jeg_meta_author\"><span class=\"by\">Por<\/span> <a href=\"https:\/\/www.em.com.br\/emfoco\/author\/guilhermeamyth\/\">Guilherme Ara\u00fajo<\/a><\/div><div class=\"jeg_meta_date\"><a href=\"https:\/\/www.em.com.br\/emfoco\/2026\/09\/03\/pesquisadores-analisam-fossos-de-6-000-anos-que-podem-guardar-sinais-de-uma-das-primeiras-celebracoes-de-vitoria-da-europa\/\"><i class=\"fa fa-clock-o\"><\/i> 03\/09\/2026<\/a><\/div><\/div>\n                                <\/div>\n                            <\/div>\n                        <\/div>\n                    <\/article>\n                <div class=\"jeg_heroblock_scroller\">\n                    <article class=\"jeg_post jeg_hero_item_2 format-standard\" style=\"padding: 0 0 0px 0px;\">\n                        <div class=\"jeg_block_container\">\n                            \n                            <span class=\"jeg_postformat_icon\"><\/span>\n                            <div class=\"jeg_thumb\">\n                                <a href=\"https:\/\/www.em.com.br\/emfoco\/2026\/09\/03\/pessoas-gravaram-130-camelos-cabras-e-outros-animais-em-tamanho-natural-no-deserto-ha-quase-12-000-anos-para-indicar-caminhos-ate-a-agua\/\" aria-label=\"Read article: Pessoas gravaram 130 camelos, cabras e outros animais em tamanho natural no deserto h\u00e1 quase 12.000 anos para indicar caminhos at\u00e9 a \u00e1gua\"><div class=\"thumbnail-container thumbnail-background\" data-src=\"https:\/\/www.em.com.br\/emfoco\/wp-content\/uploads\/2026\/09\/capa1-1-750x421.jpg\" >\n                        <div class=\"lazyloaded\" data-src=\"https:\/\/www.em.com.br\/emfoco\/wp-content\/uploads\/2026\/09\/capa1-1-750x421.jpg\" style=\"background-image: url(https:\/\/www.em.com.br\/emfoco\/wp-content\/uploads\/2026\/09\/capa1-1-750x421.jpg)\"><\/div>\n                    <\/div><\/a>\n                            <\/div>\n                            <div class=\"jeg_postblock_content\">\n                                <div class=\"jeg_post_category\"><a href=\"https:\/\/www.em.com.br\/emfoco\/categoria\/entretenimento\/\" class=\"category-entretenimento\">Entretenimento<\/a><\/div>\n                                <div class=\"jeg_post_info\">\n                                    <h2 class=\"jeg_post_title\">\n                                        <a href=\"https:\/\/www.em.com.br\/emfoco\/2026\/09\/03\/pessoas-gravaram-130-camelos-cabras-e-outros-animais-em-tamanho-natural-no-deserto-ha-quase-12-000-anos-para-indicar-caminhos-ate-a-agua\/\" aria-label=\"Read article: Pessoas gravaram 130 camelos, cabras e outros animais em tamanho natural no deserto h\u00e1 quase 12.000 anos para indicar caminhos at\u00e9 a \u00e1gua\">Pessoas gravaram 130 camelos, cabras e outros animais em tamanho natural no deserto h\u00e1 quase 12.000 anos para indicar caminhos at\u00e9 a \u00e1gua<\/a>\n                                    <\/h2>\n                                    <div class=\"jeg_post_meta\"><div class=\"jeg_meta_date\"><a href=\"https:\/\/www.em.com.br\/emfoco\/2026\/09\/03\/pessoas-gravaram-130-camelos-cabras-e-outros-animais-em-tamanho-natural-no-deserto-ha-quase-12-000-anos-para-indicar-caminhos-ate-a-agua\/\" ><i class=\"fa fa-clock-o\"><\/i> 03\/09\/2026<\/a><\/div><\/div>\n                                <\/div>\n                            <\/div>\n                        <\/div>\n                    <\/article><article class=\"jeg_post jeg_hero_item_3 format-standard\" style=\"padding: 0 0 0px 0px;\">\n                        <div class=\"jeg_block_container\">\n                            \n                            <span class=\"jeg_postformat_icon\"><\/span>\n                            <div class=\"jeg_thumb\">\n                                <a href=\"https:\/\/www.em.com.br\/emfoco\/2026\/09\/03\/agricultor-entrega-180-sacas-de-feijao-para-secagem-recebe-os-graos-queimados-e-com-cheiro-de-fumaca-e-a-empresa-culpa-a-umidade-da-colheita\/\" aria-label=\"Read article: Agricultor entrega 180 sacas de feij\u00e3o para secagem, recebe os gr\u00e3os queimados e com cheiro de fuma\u00e7a e a empresa culpa a umidade da colheita\"><div class=\"thumbnail-container thumbnail-background\" data-src=\"https:\/\/www.em.com.br\/emfoco\/wp-content\/uploads\/2026\/09\/comida1-750x421.jpg\" >\n                        <div class=\"lazyloaded\" data-src=\"https:\/\/www.em.com.br\/emfoco\/wp-content\/uploads\/2026\/09\/comida1-750x421.jpg\" style=\"background-image: url(https:\/\/www.em.com.br\/emfoco\/wp-content\/uploads\/2026\/09\/comida1-750x421.jpg)\"><\/div>\n                    <\/div><\/a>\n                            <\/div>\n                            <div class=\"jeg_postblock_content\">\n                                <div class=\"jeg_post_category\"><a href=\"https:\/\/www.em.com.br\/emfoco\/categoria\/entretenimento\/\" class=\"category-entretenimento\">Entretenimento<\/a><\/div>\n                                <div class=\"jeg_post_info\">\n                                    <h2 class=\"jeg_post_title\">\n                                        <a href=\"https:\/\/www.em.com.br\/emfoco\/2026\/09\/03\/agricultor-entrega-180-sacas-de-feijao-para-secagem-recebe-os-graos-queimados-e-com-cheiro-de-fumaca-e-a-empresa-culpa-a-umidade-da-colheita\/\" aria-label=\"Read article: Agricultor entrega 180 sacas de feij\u00e3o para secagem, recebe os gr\u00e3os queimados e com cheiro de fuma\u00e7a e a empresa culpa a umidade da colheita\">Agricultor entrega 180 sacas de feij\u00e3o para secagem, recebe os gr\u00e3os queimados e com cheiro de fuma\u00e7a e a empresa culpa a umidade da colheita<\/a>\n                                    <\/h2>\n                                    <div class=\"jeg_post_meta\"><div class=\"jeg_meta_date\"><a href=\"https:\/\/www.em.com.br\/emfoco\/2026\/09\/03\/agricultor-entrega-180-sacas-de-feijao-para-secagem-recebe-os-graos-queimados-e-com-cheiro-de-fumaca-e-a-empresa-culpa-a-umidade-da-colheita\/\" ><i class=\"fa fa-clock-o\"><\/i> 03\/09\/2026<\/a><\/div><\/div>\n                                <\/div>\n                            <\/div>\n                        <\/div>\n                    <\/article>\n                <\/div>\n\t            <\/div><\/div>\n            <\/div>\n            [\/vc_column][\/vc_row][vc_row][vc_column]<div  class=\"jeg_postblock_19 jeg_postblock jeg_module_hook jeg_pagination_disable jeg_col_3o3 jnews_module__1_6a9a376400371   \" data-unique=\"jnews_module__1_6a9a376400371\">\n\t\t\t\t\t\n\t\t\t\t\t<div class=\"jeg_block_container\">\n                \n                <div class=\"jeg_posts jeg_load_more_flag\">\n                    <article class=\"jeg_post jeg_pl_md_box format-standard\">\n                    <div class=\"box_wrap\">\n                    <div class=\"jeg_thumb\">\n                        \n                        <a href=\"https:\/\/www.em.com.br\/emfoco\/2026\/09\/03\/pesquisadores-analisam-fossos-de-6-000-anos-que-podem-guardar-sinais-de-uma-das-primeiras-celebracoes-de-vitoria-da-europa\/\" aria-label=\"Read article: Pesquisadores analisam fossos de 6.000 anos que podem guardar sinais de uma das primeiras celebra\u00e7\u00f5es de vit\u00f3ria da Europa\"><div class=\"thumbnail-container  size-715 \"><img decoding=\"async\" width=\"350\" height=\"250\" src=\"https:\/\/www.em.com.br\/emfoco\/wp-content\/uploads\/2026\/09\/foosol-350x250.jpg\" class=\"attachment-jnews-350x250 size-jnews-350x250 wp-post-image\" alt=\"Os vest\u00edgios encontrados levantaram uma interpreta\u00e7\u00e3o diferente para estruturas que pareciam ter outra fun\u00e7\u00e3o\" srcset=\"https:\/\/www.em.com.br\/emfoco\/wp-content\/uploads\/2026\/09\/foosol-350x250.jpg 350w, https:\/\/www.em.com.br\/emfoco\/wp-content\/uploads\/2026\/09\/foosol-120x86.jpg 120w, https:\/\/www.em.com.br\/emfoco\/wp-content\/uploads\/2026\/09\/foosol-750x536.jpg 750w\" sizes=\"(max-width: 350px) 100vw, 350px\" \/><\/div><\/a>\n                    <\/div>\n                    <div class=\"jeg_postblock_content\">\n                        <h3 class=\"jeg_post_title\">\n                            <a href=\"https:\/\/www.em.com.br\/emfoco\/2026\/09\/03\/pesquisadores-analisam-fossos-de-6-000-anos-que-podem-guardar-sinais-de-uma-das-primeiras-celebracoes-de-vitoria-da-europa\/\">Pesquisadores analisam fossos de 6.000 anos que podem guardar sinais de uma das primeiras celebra\u00e7\u00f5es de vit\u00f3ria da Europa<\/a>\n                        <\/h3>\n                        <div class=\"jeg_post_meta\"><div class=\"jeg_meta_date\"><a href=\"https:\/\/www.em.com.br\/emfoco\/2026\/09\/03\/pesquisadores-analisam-fossos-de-6-000-anos-que-podem-guardar-sinais-de-uma-das-primeiras-celebracoes-de-vitoria-da-europa\/\" ><i class=\"fa fa-clock-o\"><\/i> 03\/09\/2026<\/a><\/div><\/div>\n                    <\/div> \n                    <\/div>\n                <\/article><article class=\"jeg_post jeg_pl_md_box format-standard\">\n                    <div class=\"box_wrap\">\n                    <div class=\"jeg_thumb\">\n                        \n                        <a href=\"https:\/\/www.em.com.br\/emfoco\/2026\/09\/03\/pessoas-gravaram-130-camelos-cabras-e-outros-animais-em-tamanho-natural-no-deserto-ha-quase-12-000-anos-para-indicar-caminhos-ate-a-agua\/\" aria-label=\"Read article: Pessoas gravaram 130 camelos, cabras e outros animais em tamanho natural no deserto h\u00e1 quase 12.000 anos para indicar caminhos at\u00e9 a \u00e1gua\"><div class=\"thumbnail-container  size-715 \"><img decoding=\"async\" width=\"350\" height=\"250\" src=\"https:\/\/www.em.com.br\/emfoco\/wp-content\/uploads\/2026\/09\/capa1-1-350x250.jpg\" class=\"attachment-jnews-350x250 size-jnews-350x250 wp-post-image\" alt=\"As figuras podem ter funcionado como refer\u00eancias visuais em uma paisagem dif\u00edcil de atravessar\" srcset=\"https:\/\/www.em.com.br\/emfoco\/wp-content\/uploads\/2026\/09\/capa1-1-350x250.jpg 350w, https:\/\/www.em.com.br\/emfoco\/wp-content\/uploads\/2026\/09\/capa1-1-120x86.jpg 120w, https:\/\/www.em.com.br\/emfoco\/wp-content\/uploads\/2026\/09\/capa1-1-750x536.jpg 750w\" sizes=\"(max-width: 350px) 100vw, 350px\" \/><\/div><\/a>\n                    <\/div>\n                    <div class=\"jeg_postblock_content\">\n                        <h3 class=\"jeg_post_title\">\n                            <a href=\"https:\/\/www.em.com.br\/emfoco\/2026\/09\/03\/pessoas-gravaram-130-camelos-cabras-e-outros-animais-em-tamanho-natural-no-deserto-ha-quase-12-000-anos-para-indicar-caminhos-ate-a-agua\/\">Pessoas gravaram 130 camelos, cabras e outros animais em tamanho natural no deserto h\u00e1 quase 12.000 anos para indicar caminhos at\u00e9 a \u00e1gua<\/a>\n                        <\/h3>\n                        <div class=\"jeg_post_meta\"><div class=\"jeg_meta_date\"><a href=\"https:\/\/www.em.com.br\/emfoco\/2026\/09\/03\/pessoas-gravaram-130-camelos-cabras-e-outros-animais-em-tamanho-natural-no-deserto-ha-quase-12-000-anos-para-indicar-caminhos-ate-a-agua\/\" ><i class=\"fa fa-clock-o\"><\/i> 03\/09\/2026<\/a><\/div><\/div>\n                    <\/div> \n                    <\/div>\n                <\/article><article class=\"jeg_post jeg_pl_md_box format-standard\">\n                    <div class=\"box_wrap\">\n                    <div class=\"jeg_thumb\">\n                        \n                        <a href=\"https:\/\/www.em.com.br\/emfoco\/2026\/09\/03\/agricultor-entrega-180-sacas-de-feijao-para-secagem-recebe-os-graos-queimados-e-com-cheiro-de-fumaca-e-a-empresa-culpa-a-umidade-da-colheita\/\" aria-label=\"Read article: Agricultor entrega 180 sacas de feij\u00e3o para secagem, recebe os gr\u00e3os queimados e com cheiro de fuma\u00e7a e a empresa culpa a umidade da colheita\"><div class=\"thumbnail-container  size-715 \"><img decoding=\"async\" width=\"350\" height=\"250\" src=\"https:\/\/www.em.com.br\/emfoco\/wp-content\/uploads\/2026\/09\/comida1-350x250.jpg\" class=\"attachment-jnews-350x250 size-jnews-350x250 wp-post-image\" alt=\"A umidade inicial dos gr\u00e3os pode ser medida e comparada \u00e0s condi\u00e7\u00f5es usadas durante a secagem\" srcset=\"https:\/\/www.em.com.br\/emfoco\/wp-content\/uploads\/2026\/09\/comida1-350x250.jpg 350w, https:\/\/www.em.com.br\/emfoco\/wp-content\/uploads\/2026\/09\/comida1-120x86.jpg 120w, https:\/\/www.em.com.br\/emfoco\/wp-content\/uploads\/2026\/09\/comida1-750x536.jpg 750w\" sizes=\"(max-width: 350px) 100vw, 350px\" \/><\/div><\/a>\n                    <\/div>\n                    <div class=\"jeg_postblock_content\">\n                        <h3 class=\"jeg_post_title\">\n                            <a href=\"https:\/\/www.em.com.br\/emfoco\/2026\/09\/03\/agricultor-entrega-180-sacas-de-feijao-para-secagem-recebe-os-graos-queimados-e-com-cheiro-de-fumaca-e-a-empresa-culpa-a-umidade-da-colheita\/\">Agricultor entrega 180 sacas de feij\u00e3o para secagem, recebe os gr\u00e3os queimados e com cheiro de fuma\u00e7a e a empresa culpa a umidade da colheita<\/a>\n                        <\/h3>\n                        <div class=\"jeg_post_meta\"><div class=\"jeg_meta_date\"><a href=\"https:\/\/www.em.com.br\/emfoco\/2026\/09\/03\/agricultor-entrega-180-sacas-de-feijao-para-secagem-recebe-os-graos-queimados-e-com-cheiro-de-fumaca-e-a-empresa-culpa-a-umidade-da-colheita\/\" ><i class=\"fa fa-clock-o\"><\/i> 03\/09\/2026<\/a><\/div><\/div>\n                    <\/div> \n                    <\/div>\n                <\/article><article class=\"jeg_post jeg_pl_sm format-standard\">\n                <div class=\"jeg_thumb\">\n                        \n                        <a href=\"https:\/\/www.em.com.br\/emfoco\/2026\/09\/03\/eu-ja-contei-isso-para-voce-a-psicologia-explica-por-que-lembramos-da-historia-mas-esquecemos-para-quem-a-contamos\/\" aria-label=\"Read article: \u201cEu j\u00e1 contei isso para voc\u00ea?\u201d A psicologia explica por que lembramos da hist\u00f3ria, mas esquecemos para quem a contamos\"><div class=\"thumbnail-container  size-715 \"><img decoding=\"async\" width=\"120\" height=\"86\" src=\"https:\/\/www.em.com.br\/emfoco\/wp-content\/uploads\/2026\/09\/conversa-120x86.jpg\" class=\"attachment-jnews-120x86 size-jnews-120x86 wp-post-image\" alt=\"O conte\u00fado de uma lembran\u00e7a pode permanecer forte enquanto sua origem ou destino ficam menos claros\" srcset=\"https:\/\/www.em.com.br\/emfoco\/wp-content\/uploads\/2026\/09\/conversa-120x86.jpg 120w, https:\/\/www.em.com.br\/emfoco\/wp-content\/uploads\/2026\/09\/conversa-350x250.jpg 350w, https:\/\/www.em.com.br\/emfoco\/wp-content\/uploads\/2026\/09\/conversa-750x536.jpg 750w\" sizes=\"(max-width: 120px) 100vw, 120px\" \/><\/div><\/a>\n                    <\/div>\n                    <div class=\"jeg_postblock_content\">\n                        <h3 class=\"jeg_post_title\">\n                            <a href=\"https:\/\/www.em.com.br\/emfoco\/2026\/09\/03\/eu-ja-contei-isso-para-voce-a-psicologia-explica-por-que-lembramos-da-historia-mas-esquecemos-para-quem-a-contamos\/\">\u201cEu j\u00e1 contei isso para voc\u00ea?\u201d A psicologia explica por que lembramos da hist\u00f3ria, mas esquecemos para quem a contamos<\/a>\n                        <\/h3>\n                        <div class=\"jeg_post_meta\"><div class=\"jeg_meta_date\"><a href=\"https:\/\/www.em.com.br\/emfoco\/2026\/09\/03\/eu-ja-contei-isso-para-voce-a-psicologia-explica-por-que-lembramos-da-historia-mas-esquecemos-para-quem-a-contamos\/\" ><i class=\"fa fa-clock-o\"><\/i> 03\/09\/2026<\/a><\/div><\/div>\n                    <\/div>\n                <\/article><article class=\"jeg_post jeg_pl_sm format-standard\">\n                <div class=\"jeg_thumb\">\n                        \n                        <a href=\"https:\/\/www.em.com.br\/emfoco\/2026\/09\/03\/as-paredes-tem-ouvidos-por-que-este-antigo-proverbio-aconselha-cuidado-ate-quando-parece-nao-haver-ninguem-escutando\/\" aria-label=\"Read article: \u201cAs paredes t\u00eam ouvidos\u201d: por que este antigo prov\u00e9rbio aconselha cuidado at\u00e9 quando parece n\u00e3o haver ningu\u00e9m escutando\"><div class=\"thumbnail-container  size-715 \"><img decoding=\"async\" width=\"120\" height=\"86\" src=\"https:\/\/www.em.com.br\/emfoco\/wp-content\/uploads\/2026\/09\/casa1-120x86.jpg\" class=\"attachment-jnews-120x86 size-jnews-120x86 wp-post-image\" alt=\"A express\u00e3o lembra que uma conversa pode alcan\u00e7ar muito al\u00e9m das pessoas que estavam presentes\" srcset=\"https:\/\/www.em.com.br\/emfoco\/wp-content\/uploads\/2026\/09\/casa1-120x86.jpg 120w, https:\/\/www.em.com.br\/emfoco\/wp-content\/uploads\/2026\/09\/casa1-350x250.jpg 350w, https:\/\/www.em.com.br\/emfoco\/wp-content\/uploads\/2026\/09\/casa1-750x536.jpg 750w\" sizes=\"(max-width: 120px) 100vw, 120px\" \/><\/div><\/a>\n                    <\/div>\n                    <div class=\"jeg_postblock_content\">\n                        <h3 class=\"jeg_post_title\">\n                            <a href=\"https:\/\/www.em.com.br\/emfoco\/2026\/09\/03\/as-paredes-tem-ouvidos-por-que-este-antigo-proverbio-aconselha-cuidado-ate-quando-parece-nao-haver-ninguem-escutando\/\">\u201cAs paredes t\u00eam ouvidos\u201d: por que este antigo prov\u00e9rbio aconselha cuidado at\u00e9 quando parece n\u00e3o haver ningu\u00e9m escutando<\/a>\n                        <\/h3>\n                        <div class=\"jeg_post_meta\"><div class=\"jeg_meta_date\"><a href=\"https:\/\/www.em.com.br\/emfoco\/2026\/09\/03\/as-paredes-tem-ouvidos-por-que-este-antigo-proverbio-aconselha-cuidado-ate-quando-parece-nao-haver-ninguem-escutando\/\" ><i class=\"fa fa-clock-o\"><\/i> 03\/09\/2026<\/a><\/div><\/div>\n                    <\/div>\n                <\/article><article class=\"jeg_post jeg_pl_sm format-standard\">\n                <div class=\"jeg_thumb\">\n                        \n                        <a href=\"https:\/\/www.em.com.br\/emfoco\/2026\/09\/03\/paredoes-de-30-metros-praias-com-mar-verde-esmeralda-que-aparecem-em-filmes-e-voo-direto-o-vilarejo-que-virou-o-novo-destino-mineiro-no-ceara\/\" aria-label=\"Read article: Pared\u00f5es de 30 metros, praias com mar verde-esmeralda que aparecem em filmes e voo direto: o vilarejo que virou o novo destino mineiro no Cear\u00e1\"><div class=\"thumbnail-container  size-715 \"><img decoding=\"async\" width=\"120\" height=\"86\" src=\"https:\/\/www.em.com.br\/emfoco\/wp-content\/uploads\/2026\/09\/image-6-120x86.png\" class=\"attachment-jnews-120x86 size-jnews-120x86 wp-post-image\" alt=\"O voo direto encurtou a dist\u00e2ncia entre os mineiros e um dos cen\u00e1rios mais marcantes do litoral nordestino (imagem ilustrativa)\" srcset=\"https:\/\/www.em.com.br\/emfoco\/wp-content\/uploads\/2026\/09\/image-6-120x86.png 120w, https:\/\/www.em.com.br\/emfoco\/wp-content\/uploads\/2026\/09\/image-6-350x250.png 350w, https:\/\/www.em.com.br\/emfoco\/wp-content\/uploads\/2026\/09\/image-6-750x536.png 750w\" sizes=\"(max-width: 120px) 100vw, 120px\" \/><\/div><\/a>\n                    <\/div>\n                    <div class=\"jeg_postblock_content\">\n                        <h3 class=\"jeg_post_title\">\n                            <a href=\"https:\/\/www.em.com.br\/emfoco\/2026\/09\/03\/paredoes-de-30-metros-praias-com-mar-verde-esmeralda-que-aparecem-em-filmes-e-voo-direto-o-vilarejo-que-virou-o-novo-destino-mineiro-no-ceara\/\">Pared\u00f5es de 30 metros, praias com mar verde-esmeralda que aparecem em filmes e voo direto: o vilarejo que virou o novo destino mineiro no Cear\u00e1<\/a>\n                        <\/h3>\n                        <div class=\"jeg_post_meta\"><div class=\"jeg_meta_date\"><a href=\"https:\/\/www.em.com.br\/emfoco\/2026\/09\/03\/paredoes-de-30-metros-praias-com-mar-verde-esmeralda-que-aparecem-em-filmes-e-voo-direto-o-vilarejo-que-virou-o-novo-destino-mineiro-no-ceara\/\" ><i class=\"fa fa-clock-o\"><\/i> 03\/09\/2026<\/a><\/div><\/div>\n                    <\/div>\n                <\/article><article class=\"jeg_post jeg_pl_sm format-standard\">\n                <div class=\"jeg_thumb\">\n                        \n                        <a href=\"https:\/\/www.em.com.br\/emfoco\/2026\/09\/03\/a-lo-hecho-pecho-o-proverbio-espanhol-para-quando-o-erro-ja-aconteceu-e-continuar-lamentando-nao-conserta-nada\/\" aria-label=\"Read article: \u201cA lo hecho, pecho\u201d: o prov\u00e9rbio espanhol para quando o erro j\u00e1 aconteceu e continuar lamentando n\u00e3o conserta nada\"><div class=\"thumbnail-container  size-715 \"><img decoding=\"async\" width=\"120\" height=\"86\" src=\"https:\/\/www.em.com.br\/emfoco\/wp-content\/uploads\/2026\/09\/vaso1-120x86.jpg\" class=\"attachment-jnews-120x86 size-jnews-120x86 wp-post-image\" alt=\"O prov\u00e9rbio lembra que arrependimento sem a\u00e7\u00e3o n\u00e3o altera aquilo que j\u00e1 aconteceu\" srcset=\"https:\/\/www.em.com.br\/emfoco\/wp-content\/uploads\/2026\/09\/vaso1-120x86.jpg 120w, https:\/\/www.em.com.br\/emfoco\/wp-content\/uploads\/2026\/09\/vaso1-350x250.jpg 350w, https:\/\/www.em.com.br\/emfoco\/wp-content\/uploads\/2026\/09\/vaso1-750x536.jpg 750w\" sizes=\"(max-width: 120px) 100vw, 120px\" \/><\/div><\/a>\n                    <\/div>\n                    <div class=\"jeg_postblock_content\">\n                        <h3 class=\"jeg_post_title\">\n                            <a href=\"https:\/\/www.em.com.br\/emfoco\/2026\/09\/03\/a-lo-hecho-pecho-o-proverbio-espanhol-para-quando-o-erro-ja-aconteceu-e-continuar-lamentando-nao-conserta-nada\/\">\u201cA lo hecho, pecho\u201d: o prov\u00e9rbio espanhol para quando o erro j\u00e1 aconteceu e continuar lamentando n\u00e3o conserta nada<\/a>\n                        <\/h3>\n                        <div class=\"jeg_post_meta\"><div class=\"jeg_meta_date\"><a href=\"https:\/\/www.em.com.br\/emfoco\/2026\/09\/03\/a-lo-hecho-pecho-o-proverbio-espanhol-para-quando-o-erro-ja-aconteceu-e-continuar-lamentando-nao-conserta-nada\/\" ><i class=\"fa fa-clock-o\"><\/i> 03\/09\/2026<\/a><\/div><\/div>\n                    <\/div>\n                <\/article><article class=\"jeg_post jeg_pl_sm format-standard\">\n                <div class=\"jeg_thumb\">\n                        \n                        <a href=\"https:\/\/www.em.com.br\/emfoco\/2026\/09\/03\/filhos-pagam-r-47-mil-por-uma-plataforma-elevatoria-para-a-mae-mas-depois-da-instalacao-descobrem-que-a-rede-eletrica-da-casa-nao-consegue-ligar-o-equipamento\/\" aria-label=\"Read article: Filhos pagam R$ 47 mil por uma plataforma elevat\u00f3ria para a m\u00e3e, mas depois da instala\u00e7\u00e3o descobrem que a rede el\u00e9trica da casa n\u00e3o consegue ligar o equipamento\"><div class=\"thumbnail-container  size-715 \"><img decoding=\"async\" width=\"120\" height=\"86\" src=\"https:\/\/www.em.com.br\/emfoco\/wp-content\/uploads\/2026\/09\/plataforma1-120x86.jpg\" class=\"attachment-jnews-120x86 size-jnews-120x86 wp-post-image\" alt=\"A compatibilidade el\u00e9trica pode ser uma informa\u00e7\u00e3o essencial antes da venda e da instala\u00e7\u00e3o do equipamento\" srcset=\"https:\/\/www.em.com.br\/emfoco\/wp-content\/uploads\/2026\/09\/plataforma1-120x86.jpg 120w, https:\/\/www.em.com.br\/emfoco\/wp-content\/uploads\/2026\/09\/plataforma1-350x250.jpg 350w, https:\/\/www.em.com.br\/emfoco\/wp-content\/uploads\/2026\/09\/plataforma1-750x536.jpg 750w\" sizes=\"(max-width: 120px) 100vw, 120px\" \/><\/div><\/a>\n                    <\/div>\n                    <div class=\"jeg_postblock_content\">\n                        <h3 class=\"jeg_post_title\">\n                            <a href=\"https:\/\/www.em.com.br\/emfoco\/2026\/09\/03\/filhos-pagam-r-47-mil-por-uma-plataforma-elevatoria-para-a-mae-mas-depois-da-instalacao-descobrem-que-a-rede-eletrica-da-casa-nao-consegue-ligar-o-equipamento\/\">Filhos pagam R$ 47 mil por uma plataforma elevat\u00f3ria para a m\u00e3e, mas depois da instala\u00e7\u00e3o descobrem que a rede el\u00e9trica da casa n\u00e3o consegue ligar o equipamento<\/a>\n                        <\/h3>\n                        <div class=\"jeg_post_meta\"><div class=\"jeg_meta_date\"><a href=\"https:\/\/www.em.com.br\/emfoco\/2026\/09\/03\/filhos-pagam-r-47-mil-por-uma-plataforma-elevatoria-para-a-mae-mas-depois-da-instalacao-descobrem-que-a-rede-eletrica-da-casa-nao-consegue-ligar-o-equipamento\/\" ><i class=\"fa fa-clock-o\"><\/i> 03\/09\/2026<\/a><\/div><\/div>\n                    <\/div>\n                <\/article><article class=\"jeg_post jeg_pl_sm format-standard\">\n                <div class=\"jeg_thumb\">\n                        \n                        <a href=\"https:\/\/www.em.com.br\/emfoco\/2026\/09\/03\/familia-fecha-a-sacada-com-paineis-de-vidro-duas-placas-estouram-numa-tarde-de-calor-e-a-empresa-afirma-que-choque-termico-nao-esta-coberto-pela-garantia\/\" aria-label=\"Read article: Fam\u00edlia fecha a sacada com pain\u00e9is de vidro, duas placas estouram numa tarde de calor e a empresa afirma que \u201cchoque t\u00e9rmico\u201d n\u00e3o est\u00e1 coberto pela garantia\"><div class=\"thumbnail-container  size-715 \"><img decoding=\"async\" width=\"120\" height=\"86\" src=\"https:\/\/www.em.com.br\/emfoco\/wp-content\/uploads\/2026\/09\/vidro2-120x86.jpg\" class=\"attachment-jnews-120x86 size-jnews-120x86 wp-post-image\" alt=\"Nem todo vidro que estoura em um dia quente sofreu necessariamente um choque t\u00e9rmico inevit\u00e1vel\" srcset=\"https:\/\/www.em.com.br\/emfoco\/wp-content\/uploads\/2026\/09\/vidro2-120x86.jpg 120w, https:\/\/www.em.com.br\/emfoco\/wp-content\/uploads\/2026\/09\/vidro2-350x250.jpg 350w, https:\/\/www.em.com.br\/emfoco\/wp-content\/uploads\/2026\/09\/vidro2-750x536.jpg 750w\" sizes=\"(max-width: 120px) 100vw, 120px\" \/><\/div><\/a>\n                    <\/div>\n                    <div class=\"jeg_postblock_content\">\n                        <h3 class=\"jeg_post_title\">\n                            <a href=\"https:\/\/www.em.com.br\/emfoco\/2026\/09\/03\/familia-fecha-a-sacada-com-paineis-de-vidro-duas-placas-estouram-numa-tarde-de-calor-e-a-empresa-afirma-que-choque-termico-nao-esta-coberto-pela-garantia\/\">Fam\u00edlia fecha a sacada com pain\u00e9is de vidro, duas placas estouram numa tarde de calor e a empresa afirma que \u201cchoque t\u00e9rmico\u201d n\u00e3o est\u00e1 coberto pela garantia<\/a>\n                        <\/h3>\n                        <div class=\"jeg_post_meta\"><div class=\"jeg_meta_date\"><a href=\"https:\/\/www.em.com.br\/emfoco\/2026\/09\/03\/familia-fecha-a-sacada-com-paineis-de-vidro-duas-placas-estouram-numa-tarde-de-calor-e-a-empresa-afirma-que-choque-termico-nao-esta-coberto-pela-garantia\/\" ><i class=\"fa fa-clock-o\"><\/i> 03\/09\/2026<\/a><\/div><\/div>\n                    <\/div>\n                <\/article>\n                <\/div>\n                <div class='module-overlay'>\n\t\t\t\t    <div class='preloader_type preloader_dot'>\n\t\t\t\t        <div class=\"module-preloader jeg_preloader dot\">\n\t\t\t\t            <span><\/span><span><\/span><span><\/span>\n\t\t\t\t        <\/div>\n\t\t\t\t        <div class=\"module-preloader jeg_preloader circle\">\n\t\t\t\t            <div class=\"jnews_preloader_circle_outer\">\n\t\t\t\t                <div class=\"jnews_preloader_circle_inner\"><\/div>\n\t\t\t\t            <\/div>\n\t\t\t\t        <\/div>\n\t\t\t\t        <div class=\"module-preloader jeg_preloader square\">\n\t\t\t\t            <div class=\"jeg_square\">\n\t\t\t\t                <div class=\"jeg_square_inner\"><\/div>\n\t\t\t\t            <\/div>\n\t\t\t\t        <\/div>\n\t\t\t\t    <\/div>\n\t\t\t\t<\/div>\n            <\/div>\n            <div class=\"jeg_block_navigation\">\n                <div class='navigation_overlay'><div class='module-preloader jeg_preloader'><span><\/span><span><\/span><span><\/span><\/div><\/div>\n                \n                \n            <\/div>\n\t\t\t\t\t\n\t\t\t\t\t<script>var jnews_module__1_6a9a376400371 = {\"header_icon\":\"\",\"first_title\":\"\",\"second_title\":\"\",\"url\":\"\",\"header_type\":\"heading_3\",\"header_background\":\"\",\"header_secondary_background\":\"\",\"header_text_color\":\"\",\"header_line_color\":\"\",\"header_accent_color\":\"\",\"header_filter_category\":\"\",\"header_filter_author\":\"\",\"header_filter_tag\":\"\",\"header_filter_text\":\"All\",\"sticky_post\":\"\",\"sticky_post_filter\":false,\"post_type\":\"post\",\"content_type\":\"all\",\"sponsor\":\"\",\"number_post\":\"9\",\"post_offset\":\"0\",\"unique_content\":\"disable\",\"include_post\":\"\",\"included_only\":\"\",\"exclude_post\":\"\",\"include_category\":\"\",\"exclude_category\":\"\",\"include_author\":\"\",\"include_tag\":\"\",\"exclude_tag\":\"\",\"exclude_visited_post\":false,\"sort_by\":\"latest\",\"date_format\":\"default\",\"date_format_custom\":\"Y\\\/m\\\/d\",\"force_normal_image_load\":\"\",\"main_custom_image_size\":\"default\",\"second_custom_image_size\":\"default\",\"pagination_mode\":\"disable\",\"pagination_nextprev_showtext\":\"\",\"pagination_number_post\":6,\"pagination_scroll_limit\":0,\"boxed\":\"\",\"boxed_shadow\":\"\",\"el_id\":\"\",\"el_class\":\"\",\"scheme\":\"\",\"column_width\":\"auto\",\"title_color\":\"\",\"accent_color\":\"\",\"alt_color\":\"\",\"excerpt_color\":\"\",\"css\":\"\",\"compatible_column_notice\":\"\",\"paged\":1,\"column_class\":\"jeg_col_3o3\",\"class\":\"jnews_block_19\"};<\/script>\n\t\t\t\t<\/div>[\/vc_column][\/vc_row][vc_row][vc_column]<div  class=\"jeg_postblock_22 jeg_postblock jeg_module_hook jeg_pagination_loadmore jeg_col_3o3 jnews_module__2_6a9a3764020af   \" data-unique=\"jnews_module__2_6a9a3764020af\">\n\t\t\t\t\t<div class=\"jeg_block_heading jeg_block_heading_8 jeg_subcat_right\">\n                     <h3 class=\"jeg_block_title\"><span>Ultimas <strong>Not\u00edcias <\/strong><\/span><\/h3>\n                     \n                 <\/div>\n\t\t\t\t\t<div class=\"jeg_block_container\">\n                    \n                    <div class=\"jeg_posts_wrap\">\n                    <div class=\"jeg_posts jeg_load_more_flag\"> \n                        <article class=\"jeg_post jeg_pl_md_5 format-standard\">\n                    <div class=\"jeg_thumb\">\n                        \n                        <a href=\"https:\/\/www.em.com.br\/emfoco\/2026\/09\/03\/as-paredes-tem-ouvidos-por-que-este-antigo-proverbio-aconselha-cuidado-ate-quando-parece-nao-haver-ninguem-escutando\/\" aria-label=\"Read article: \u201cAs paredes t\u00eam ouvidos\u201d: por que este antigo prov\u00e9rbio aconselha cuidado at\u00e9 quando parece n\u00e3o haver ningu\u00e9m escutando\"><div class=\"thumbnail-container  size-715 \"><img decoding=\"async\" width=\"350\" height=\"250\" src=\"https:\/\/www.em.com.br\/emfoco\/wp-content\/uploads\/2026\/09\/casa1-350x250.jpg\" class=\"attachment-jnews-350x250 size-jnews-350x250 wp-post-image\" alt=\"A express\u00e3o lembra que uma conversa pode alcan\u00e7ar muito al\u00e9m das pessoas que estavam presentes\" srcset=\"https:\/\/www.em.com.br\/emfoco\/wp-content\/uploads\/2026\/09\/casa1-350x250.jpg 350w, https:\/\/www.em.com.br\/emfoco\/wp-content\/uploads\/2026\/09\/casa1-120x86.jpg 120w, https:\/\/www.em.com.br\/emfoco\/wp-content\/uploads\/2026\/09\/casa1-750x536.jpg 750w\" sizes=\"(max-width: 350px) 100vw, 350px\" \/><\/div><\/a>\n                        <div class=\"jeg_post_category\">\n                            <span><a href=\"https:\/\/www.em.com.br\/emfoco\/categoria\/curiosidades\/\" class=\"category-curiosidades\">Curiosidades<\/a><\/span>\n                        <\/div>\n                    <\/div>\n                    <div class=\"jeg_postblock_content\">\n                        <h3 class=\"jeg_post_title\">\n                            <a href=\"https:\/\/www.em.com.br\/emfoco\/2026\/09\/03\/as-paredes-tem-ouvidos-por-que-este-antigo-proverbio-aconselha-cuidado-ate-quando-parece-nao-haver-ninguem-escutando\/\">\u201cAs paredes t\u00eam ouvidos\u201d: por que este antigo prov\u00e9rbio aconselha cuidado at\u00e9 quando parece n\u00e3o haver ningu\u00e9m escutando<\/a>\n                        <\/h3>\n                        <div class=\"jeg_post_meta\"><div class=\"jeg_meta_date\"><a href=\"https:\/\/www.em.com.br\/emfoco\/2026\/09\/03\/as-paredes-tem-ouvidos-por-que-este-antigo-proverbio-aconselha-cuidado-ate-quando-parece-nao-haver-ninguem-escutando\/\" ><i class=\"fa fa-clock-o\"><\/i> 03\/09\/2026<\/a><\/div><\/div>\n                    <\/div>\n                <\/article><article class=\"jeg_post jeg_pl_md_5 format-standard\">\n                    <div class=\"jeg_thumb\">\n                        \n                        <a href=\"https:\/\/www.em.com.br\/emfoco\/2026\/09\/03\/paredoes-de-30-metros-praias-com-mar-verde-esmeralda-que-aparecem-em-filmes-e-voo-direto-o-vilarejo-que-virou-o-novo-destino-mineiro-no-ceara\/\" aria-label=\"Read article: Pared\u00f5es de 30 metros, praias com mar verde-esmeralda que aparecem em filmes e voo direto: o vilarejo que virou o novo destino mineiro no Cear\u00e1\"><div class=\"thumbnail-container  size-715 \"><img decoding=\"async\" width=\"350\" height=\"250\" src=\"https:\/\/www.em.com.br\/emfoco\/wp-content\/uploads\/2026\/09\/image-6-350x250.png\" class=\"attachment-jnews-350x250 size-jnews-350x250 wp-post-image\" alt=\"O voo direto encurtou a dist\u00e2ncia entre os mineiros e um dos cen\u00e1rios mais marcantes do litoral nordestino (imagem ilustrativa)\" srcset=\"https:\/\/www.em.com.br\/emfoco\/wp-content\/uploads\/2026\/09\/image-6-350x250.png 350w, https:\/\/www.em.com.br\/emfoco\/wp-content\/uploads\/2026\/09\/image-6-120x86.png 120w, https:\/\/www.em.com.br\/emfoco\/wp-content\/uploads\/2026\/09\/image-6-750x536.png 750w\" sizes=\"(max-width: 350px) 100vw, 350px\" \/><\/div><\/a>\n                        <div class=\"jeg_post_category\">\n                            <span><a href=\"https:\/\/www.em.com.br\/emfoco\/categoria\/cidades\/\" class=\"category-cidades\">Cidades<\/a><\/span>\n                        <\/div>\n                    <\/div>\n                    <div class=\"jeg_postblock_content\">\n                        <h3 class=\"jeg_post_title\">\n                            <a href=\"https:\/\/www.em.com.br\/emfoco\/2026\/09\/03\/paredoes-de-30-metros-praias-com-mar-verde-esmeralda-que-aparecem-em-filmes-e-voo-direto-o-vilarejo-que-virou-o-novo-destino-mineiro-no-ceara\/\">Pared\u00f5es de 30 metros, praias com mar verde-esmeralda que aparecem em filmes e voo direto: o vilarejo que virou o novo destino mineiro no Cear\u00e1<\/a>\n                        <\/h3>\n                        <div class=\"jeg_post_meta\"><div class=\"jeg_meta_date\"><a href=\"https:\/\/www.em.com.br\/emfoco\/2026\/09\/03\/paredoes-de-30-metros-praias-com-mar-verde-esmeralda-que-aparecem-em-filmes-e-voo-direto-o-vilarejo-que-virou-o-novo-destino-mineiro-no-ceara\/\" ><i class=\"fa fa-clock-o\"><\/i> 03\/09\/2026<\/a><\/div><\/div>\n                    <\/div>\n                <\/article><article class=\"jeg_post jeg_pl_md_5 format-standard\">\n                    <div class=\"jeg_thumb\">\n                        \n                        <a href=\"https:\/\/www.em.com.br\/emfoco\/2026\/09\/03\/a-lo-hecho-pecho-o-proverbio-espanhol-para-quando-o-erro-ja-aconteceu-e-continuar-lamentando-nao-conserta-nada\/\" aria-label=\"Read article: \u201cA lo hecho, pecho\u201d: o prov\u00e9rbio espanhol para quando o erro j\u00e1 aconteceu e continuar lamentando n\u00e3o conserta nada\"><div class=\"thumbnail-container  size-715 \"><img decoding=\"async\" width=\"350\" height=\"250\" src=\"https:\/\/www.em.com.br\/emfoco\/wp-content\/uploads\/2026\/09\/vaso1-350x250.jpg\" class=\"attachment-jnews-350x250 size-jnews-350x250 wp-post-image\" alt=\"O prov\u00e9rbio lembra que arrependimento sem a\u00e7\u00e3o n\u00e3o altera aquilo que j\u00e1 aconteceu\" srcset=\"https:\/\/www.em.com.br\/emfoco\/wp-content\/uploads\/2026\/09\/vaso1-350x250.jpg 350w, https:\/\/www.em.com.br\/emfoco\/wp-content\/uploads\/2026\/09\/vaso1-120x86.jpg 120w, https:\/\/www.em.com.br\/emfoco\/wp-content\/uploads\/2026\/09\/vaso1-750x536.jpg 750w\" sizes=\"(max-width: 350px) 100vw, 350px\" \/><\/div><\/a>\n                        <div class=\"jeg_post_category\">\n                            <span><a href=\"https:\/\/www.em.com.br\/emfoco\/categoria\/curiosidades\/\" class=\"category-curiosidades\">Curiosidades<\/a><\/span>\n                        <\/div>\n                    <\/div>\n                    <div class=\"jeg_postblock_content\">\n                        <h3 class=\"jeg_post_title\">\n                            <a href=\"https:\/\/www.em.com.br\/emfoco\/2026\/09\/03\/a-lo-hecho-pecho-o-proverbio-espanhol-para-quando-o-erro-ja-aconteceu-e-continuar-lamentando-nao-conserta-nada\/\">\u201cA lo hecho, pecho\u201d: o prov\u00e9rbio espanhol para quando o erro j\u00e1 aconteceu e continuar lamentando n\u00e3o conserta nada<\/a>\n                        <\/h3>\n                        <div class=\"jeg_post_meta\"><div class=\"jeg_meta_date\"><a href=\"https:\/\/www.em.com.br\/emfoco\/2026\/09\/03\/a-lo-hecho-pecho-o-proverbio-espanhol-para-quando-o-erro-ja-aconteceu-e-continuar-lamentando-nao-conserta-nada\/\" ><i class=\"fa fa-clock-o\"><\/i> 03\/09\/2026<\/a><\/div><\/div>\n                    <\/div>\n                <\/article><article class=\"jeg_post jeg_pl_md_5 format-standard\">\n                    <div class=\"jeg_thumb\">\n                        \n                        <a href=\"https:\/\/www.em.com.br\/emfoco\/2026\/09\/03\/filhos-pagam-r-47-mil-por-uma-plataforma-elevatoria-para-a-mae-mas-depois-da-instalacao-descobrem-que-a-rede-eletrica-da-casa-nao-consegue-ligar-o-equipamento\/\" aria-label=\"Read article: Filhos pagam R$ 47 mil por uma plataforma elevat\u00f3ria para a m\u00e3e, mas depois da instala\u00e7\u00e3o descobrem que a rede el\u00e9trica da casa n\u00e3o consegue ligar o equipamento\"><div class=\"thumbnail-container  size-715 \"><img decoding=\"async\" width=\"350\" height=\"250\" src=\"https:\/\/www.em.com.br\/emfoco\/wp-content\/uploads\/2026\/09\/plataforma1-350x250.jpg\" class=\"attachment-jnews-350x250 size-jnews-350x250 wp-post-image\" alt=\"A compatibilidade el\u00e9trica pode ser uma informa\u00e7\u00e3o essencial antes da venda e da instala\u00e7\u00e3o do equipamento\" srcset=\"https:\/\/www.em.com.br\/emfoco\/wp-content\/uploads\/2026\/09\/plataforma1-350x250.jpg 350w, https:\/\/www.em.com.br\/emfoco\/wp-content\/uploads\/2026\/09\/plataforma1-120x86.jpg 120w, https:\/\/www.em.com.br\/emfoco\/wp-content\/uploads\/2026\/09\/plataforma1-750x536.jpg 750w\" sizes=\"(max-width: 350px) 100vw, 350px\" \/><\/div><\/a>\n                        <div class=\"jeg_post_category\">\n                            <span><a href=\"https:\/\/www.em.com.br\/emfoco\/categoria\/entretenimento\/\" class=\"category-entretenimento\">Entretenimento<\/a><\/span>\n                        <\/div>\n                    <\/div>\n                    <div class=\"jeg_postblock_content\">\n                        <h3 class=\"jeg_post_title\">\n                            <a href=\"https:\/\/www.em.com.br\/emfoco\/2026\/09\/03\/filhos-pagam-r-47-mil-por-uma-plataforma-elevatoria-para-a-mae-mas-depois-da-instalacao-descobrem-que-a-rede-eletrica-da-casa-nao-consegue-ligar-o-equipamento\/\">Filhos pagam R$ 47 mil por uma plataforma elevat\u00f3ria para a m\u00e3e, mas depois da instala\u00e7\u00e3o descobrem que a rede el\u00e9trica da casa n\u00e3o consegue ligar o equipamento<\/a>\n                        <\/h3>\n                        <div class=\"jeg_post_meta\"><div class=\"jeg_meta_date\"><a href=\"https:\/\/www.em.com.br\/emfoco\/2026\/09\/03\/filhos-pagam-r-47-mil-por-uma-plataforma-elevatoria-para-a-mae-mas-depois-da-instalacao-descobrem-que-a-rede-eletrica-da-casa-nao-consegue-ligar-o-equipamento\/\" ><i class=\"fa fa-clock-o\"><\/i> 03\/09\/2026<\/a><\/div><\/div>\n                    <\/div>\n                <\/article><article class=\"jeg_post jeg_pl_md_5 format-standard\">\n                    <div class=\"jeg_thumb\">\n                        \n                        <a href=\"https:\/\/www.em.com.br\/emfoco\/2026\/09\/03\/familia-fecha-a-sacada-com-paineis-de-vidro-duas-placas-estouram-numa-tarde-de-calor-e-a-empresa-afirma-que-choque-termico-nao-esta-coberto-pela-garantia\/\" aria-label=\"Read article: Fam\u00edlia fecha a sacada com pain\u00e9is de vidro, duas placas estouram numa tarde de calor e a empresa afirma que \u201cchoque t\u00e9rmico\u201d n\u00e3o est\u00e1 coberto pela garantia\"><div class=\"thumbnail-container  size-715 \"><img decoding=\"async\" width=\"350\" height=\"250\" src=\"https:\/\/www.em.com.br\/emfoco\/wp-content\/uploads\/2026\/09\/vidro2-350x250.jpg\" class=\"attachment-jnews-350x250 size-jnews-350x250 wp-post-image\" alt=\"Nem todo vidro que estoura em um dia quente sofreu necessariamente um choque t\u00e9rmico inevit\u00e1vel\" srcset=\"https:\/\/www.em.com.br\/emfoco\/wp-content\/uploads\/2026\/09\/vidro2-350x250.jpg 350w, https:\/\/www.em.com.br\/emfoco\/wp-content\/uploads\/2026\/09\/vidro2-120x86.jpg 120w, https:\/\/www.em.com.br\/emfoco\/wp-content\/uploads\/2026\/09\/vidro2-750x536.jpg 750w\" sizes=\"(max-width: 350px) 100vw, 350px\" \/><\/div><\/a>\n                        <div class=\"jeg_post_category\">\n                            <span><a href=\"https:\/\/www.em.com.br\/emfoco\/categoria\/entretenimento\/\" class=\"category-entretenimento\">Entretenimento<\/a><\/span>\n                        <\/div>\n                    <\/div>\n                    <div class=\"jeg_postblock_content\">\n                        <h3 class=\"jeg_post_title\">\n                            <a href=\"https:\/\/www.em.com.br\/emfoco\/2026\/09\/03\/familia-fecha-a-sacada-com-paineis-de-vidro-duas-placas-estouram-numa-tarde-de-calor-e-a-empresa-afirma-que-choque-termico-nao-esta-coberto-pela-garantia\/\">Fam\u00edlia fecha a sacada com pain\u00e9is de vidro, duas placas estouram numa tarde de calor e a empresa afirma que \u201cchoque t\u00e9rmico\u201d n\u00e3o est\u00e1 coberto pela garantia<\/a>\n                        <\/h3>\n                        <div class=\"jeg_post_meta\"><div class=\"jeg_meta_date\"><a href=\"https:\/\/www.em.com.br\/emfoco\/2026\/09\/03\/familia-fecha-a-sacada-com-paineis-de-vidro-duas-placas-estouram-numa-tarde-de-calor-e-a-empresa-afirma-que-choque-termico-nao-esta-coberto-pela-garantia\/\" ><i class=\"fa fa-clock-o\"><\/i> 03\/09\/2026<\/a><\/div><\/div>\n                    <\/div>\n                <\/article><article class=\"jeg_post jeg_pl_md_5 format-standard\">\n                    <div class=\"jeg_thumb\">\n                        \n                        <a href=\"https:\/\/www.em.com.br\/emfoco\/2026\/09\/03\/pecuarista-compra-r-38-mil-em-mouroes-tratados-para-durarem-15-anos-mas-a-madeira-comeca-a-apodrecer-oito-meses-depois-e-o-fornecedor-culpa-o-solo\/\" aria-label=\"Read article: Pecuarista compra R$ 38 mil em mour\u00f5es tratados para durarem 15 anos, mas a madeira come\u00e7a a apodrecer oito meses depois e o fornecedor culpa o solo\"><div class=\"thumbnail-container  size-715 \"><img decoding=\"async\" width=\"350\" height=\"250\" src=\"https:\/\/www.em.com.br\/emfoco\/wp-content\/uploads\/2026\/09\/fazenda2-350x250.jpg\" class=\"attachment-jnews-350x250 size-jnews-350x250 wp-post-image\" alt=\"O tipo de tratamento aplicado \u00e0 madeira pode ser comparado \u00e0 durabilidade prometida na venda\" srcset=\"https:\/\/www.em.com.br\/emfoco\/wp-content\/uploads\/2026\/09\/fazenda2-350x250.jpg 350w, https:\/\/www.em.com.br\/emfoco\/wp-content\/uploads\/2026\/09\/fazenda2-120x86.jpg 120w, https:\/\/www.em.com.br\/emfoco\/wp-content\/uploads\/2026\/09\/fazenda2-750x536.jpg 750w\" sizes=\"(max-width: 350px) 100vw, 350px\" \/><\/div><\/a>\n                        <div class=\"jeg_post_category\">\n                            <span><a href=\"https:\/\/www.em.com.br\/emfoco\/categoria\/curiosidades\/\" class=\"category-curiosidades\">Curiosidades<\/a><\/span>\n                        <\/div>\n                    <\/div>\n                    <div class=\"jeg_postblock_content\">\n                        <h3 class=\"jeg_post_title\">\n                            <a href=\"https:\/\/www.em.com.br\/emfoco\/2026\/09\/03\/pecuarista-compra-r-38-mil-em-mouroes-tratados-para-durarem-15-anos-mas-a-madeira-comeca-a-apodrecer-oito-meses-depois-e-o-fornecedor-culpa-o-solo\/\">Pecuarista compra R$ 38 mil em mour\u00f5es tratados para durarem 15 anos, mas a madeira come\u00e7a a apodrecer oito meses depois e o fornecedor culpa o solo<\/a>\n                        <\/h3>\n                        <div class=\"jeg_post_meta\"><div class=\"jeg_meta_date\"><a href=\"https:\/\/www.em.com.br\/emfoco\/2026\/09\/03\/pecuarista-compra-r-38-mil-em-mouroes-tratados-para-durarem-15-anos-mas-a-madeira-comeca-a-apodrecer-oito-meses-depois-e-o-fornecedor-culpa-o-solo\/\" ><i class=\"fa fa-clock-o\"><\/i> 03\/09\/2026<\/a><\/div><\/div>\n                    <\/div>\n                <\/article><article class=\"jeg_post jeg_pl_md_5 format-standard\">\n                    <div class=\"jeg_thumb\">\n                        \n                        <a href=\"https:\/\/www.em.com.br\/emfoco\/2026\/09\/03\/nao-use-agua-quente-para-tirar-manchas-de-sangue-da-roupa-o-calor-pode-prender-a-proteina-nas-fibras-do-tecido\/\" aria-label=\"Read article: N\u00e3o use \u00e1gua quente para tirar manchas de sangue da roupa: o calor pode prender a prote\u00edna nas fibras do tecido\"><div class=\"thumbnail-container  size-715 \"><img decoding=\"async\" width=\"350\" height=\"250\" src=\"https:\/\/www.em.com.br\/emfoco\/wp-content\/uploads\/2026\/09\/pano2-2-350x250.jpg\" class=\"attachment-jnews-350x250 size-jnews-350x250 wp-post-image\" alt=\"O calor pode tornar a remo\u00e7\u00e3o mais dif\u00edcil justamente quando a inten\u00e7\u00e3o era facilitar a lavagem\" srcset=\"https:\/\/www.em.com.br\/emfoco\/wp-content\/uploads\/2026\/09\/pano2-2-350x250.jpg 350w, https:\/\/www.em.com.br\/emfoco\/wp-content\/uploads\/2026\/09\/pano2-2-120x86.jpg 120w, https:\/\/www.em.com.br\/emfoco\/wp-content\/uploads\/2026\/09\/pano2-2-750x536.jpg 750w\" sizes=\"(max-width: 350px) 100vw, 350px\" \/><\/div><\/a>\n                        <div class=\"jeg_post_category\">\n                            <span><a href=\"https:\/\/www.em.com.br\/emfoco\/categoria\/bem-estar\/\" class=\"category-bem-estar\">Bem Estar<\/a><\/span>\n                        <\/div>\n                    <\/div>\n                    <div class=\"jeg_postblock_content\">\n                        <h3 class=\"jeg_post_title\">\n                            <a href=\"https:\/\/www.em.com.br\/emfoco\/2026\/09\/03\/nao-use-agua-quente-para-tirar-manchas-de-sangue-da-roupa-o-calor-pode-prender-a-proteina-nas-fibras-do-tecido\/\">N\u00e3o use \u00e1gua quente para tirar manchas de sangue da roupa: o calor pode prender a prote\u00edna nas fibras do tecido<\/a>\n                        <\/h3>\n                        <div class=\"jeg_post_meta\"><div class=\"jeg_meta_date\"><a href=\"https:\/\/www.em.com.br\/emfoco\/2026\/09\/03\/nao-use-agua-quente-para-tirar-manchas-de-sangue-da-roupa-o-calor-pode-prender-a-proteina-nas-fibras-do-tecido\/\" ><i class=\"fa fa-clock-o\"><\/i> 03\/09\/2026<\/a><\/div><\/div>\n                    <\/div>\n                <\/article><article class=\"jeg_post jeg_pl_md_5 format-standard\">\n                    <div class=\"jeg_thumb\">\n                        \n                        <a href=\"https:\/\/www.em.com.br\/emfoco\/2026\/09\/03\/dubai-brasileira-a-cidade-de-46-km%c2%b2-com-o-skyline-mais-alto-e-a-praia-mais-elogiada-das-americas\/\" aria-label=\"Read article: Dubai brasileira, a cidade de 46 km\u00b2 com o skyline mais alto e a praia mais elogiada das Am\u00e9ricas\"><div class=\"thumbnail-container  size-715 \"><img decoding=\"async\" width=\"350\" height=\"250\" src=\"https:\/\/www.em.com.br\/emfoco\/wp-content\/uploads\/2026\/09\/image-4-350x250.png\" class=\"attachment-jnews-350x250 size-jnews-350x250 wp-post-image\" alt=\"A combina\u00e7\u00e3o de pr\u00e9dios gigantes e mar criou uma paisagem urbana dif\u00edcil de confundir com qualquer outra (imagem gerada)\" srcset=\"https:\/\/www.em.com.br\/emfoco\/wp-content\/uploads\/2026\/09\/image-4-350x250.png 350w, https:\/\/www.em.com.br\/emfoco\/wp-content\/uploads\/2026\/09\/image-4-120x86.png 120w, https:\/\/www.em.com.br\/emfoco\/wp-content\/uploads\/2026\/09\/image-4-750x536.png 750w\" sizes=\"(max-width: 350px) 100vw, 350px\" \/><\/div><\/a>\n                        <div class=\"jeg_post_category\">\n                            <span><a href=\"https:\/\/www.em.com.br\/emfoco\/categoria\/cidades\/\" class=\"category-cidades\">Cidades<\/a><\/span>\n                        <\/div>\n                    <\/div>\n                    <div class=\"jeg_postblock_content\">\n                        <h3 class=\"jeg_post_title\">\n                            <a href=\"https:\/\/www.em.com.br\/emfoco\/2026\/09\/03\/dubai-brasileira-a-cidade-de-46-km%c2%b2-com-o-skyline-mais-alto-e-a-praia-mais-elogiada-das-americas\/\">Dubai brasileira, a cidade de 46 km\u00b2 com o skyline mais alto e a praia mais elogiada das Am\u00e9ricas<\/a>\n                        <\/h3>\n                        <div class=\"jeg_post_meta\"><div class=\"jeg_meta_date\"><a href=\"https:\/\/www.em.com.br\/emfoco\/2026\/09\/03\/dubai-brasileira-a-cidade-de-46-km%c2%b2-com-o-skyline-mais-alto-e-a-praia-mais-elogiada-das-americas\/\" ><i class=\"fa fa-clock-o\"><\/i> 03\/09\/2026<\/a><\/div><\/div>\n                    <\/div>\n                <\/article><article class=\"jeg_post jeg_pl_md_5 format-standard\">\n                    <div class=\"jeg_thumb\">\n                        \n                        <a href=\"https:\/\/www.em.com.br\/emfoco\/2026\/09\/03\/descrever-detalhadamente-o-rosto-de-uma-pessoa-pode-dificultar-reconhece-la-depois-a-psicologia-explica-a-ofuscacao-verbal\/\" aria-label=\"Read article: Descrever detalhadamente o rosto de uma pessoa pode dificultar reconhec\u00ea-la depois: a psicologia explica a ofusca\u00e7\u00e3o verbal\"><div class=\"thumbnail-container  size-715 \"><img decoding=\"async\" width=\"350\" height=\"250\" src=\"https:\/\/www.em.com.br\/emfoco\/wp-content\/uploads\/2026\/09\/capa1-2-350x250.jpg\" class=\"attachment-jnews-350x250 size-jnews-350x250 wp-post-image\" alt=\"Colocar uma lembran\u00e7a visual em palavras pode alterar a maneira como alguns detalhes s\u00e3o recuperados\" srcset=\"https:\/\/www.em.com.br\/emfoco\/wp-content\/uploads\/2026\/09\/capa1-2-350x250.jpg 350w, https:\/\/www.em.com.br\/emfoco\/wp-content\/uploads\/2026\/09\/capa1-2-120x86.jpg 120w, https:\/\/www.em.com.br\/emfoco\/wp-content\/uploads\/2026\/09\/capa1-2-750x536.jpg 750w\" sizes=\"(max-width: 350px) 100vw, 350px\" \/><\/div><\/a>\n                        <div class=\"jeg_post_category\">\n                            <span><a href=\"https:\/\/www.em.com.br\/emfoco\/categoria\/curiosidades\/\" class=\"category-curiosidades\">Curiosidades<\/a><\/span>\n                        <\/div>\n                    <\/div>\n                    <div class=\"jeg_postblock_content\">\n                        <h3 class=\"jeg_post_title\">\n                            <a href=\"https:\/\/www.em.com.br\/emfoco\/2026\/09\/03\/descrever-detalhadamente-o-rosto-de-uma-pessoa-pode-dificultar-reconhece-la-depois-a-psicologia-explica-a-ofuscacao-verbal\/\">Descrever detalhadamente o rosto de uma pessoa pode dificultar reconhec\u00ea-la depois: a psicologia explica a ofusca\u00e7\u00e3o verbal<\/a>\n                        <\/h3>\n                        <div class=\"jeg_post_meta\"><div class=\"jeg_meta_date\"><a href=\"https:\/\/www.em.com.br\/emfoco\/2026\/09\/03\/descrever-detalhadamente-o-rosto-de-uma-pessoa-pode-dificultar-reconhece-la-depois-a-psicologia-explica-a-ofuscacao-verbal\/\" ><i class=\"fa fa-clock-o\"><\/i> 03\/09\/2026<\/a><\/div><\/div>\n                    <\/div>\n                <\/article><article class=\"jeg_post jeg_pl_md_5 format-standard\">\n                    <div class=\"jeg_thumb\">\n                        \n                        <a href=\"https:\/\/www.em.com.br\/emfoco\/2026\/09\/03\/cacadores-chegaram-a-malta-ha-8-500-anos-depois-de-atravessar-pelo-menos-100-quilometros-de-mar-aberto-em-embarcacoes-desconhecidas\/\" aria-label=\"Read article: Ca\u00e7adores chegaram a Malta h\u00e1 8.500 anos depois de atravessar pelo menos 100 quil\u00f4metros de mar aberto em embarca\u00e7\u00f5es desconhecidas\"><div class=\"thumbnail-container  size-715 \"><img decoding=\"async\" width=\"350\" height=\"250\" src=\"https:\/\/www.em.com.br\/emfoco\/wp-content\/uploads\/2026\/09\/canao1-350x250.jpg\" class=\"attachment-jnews-350x250 size-jnews-350x250 wp-post-image\" alt=\"A dist\u00e2ncia percorrida indica uma capacidade de navega\u00e7\u00e3o maior do que se imaginava para aquela \u00e9poca\" srcset=\"https:\/\/www.em.com.br\/emfoco\/wp-content\/uploads\/2026\/09\/canao1-350x250.jpg 350w, https:\/\/www.em.com.br\/emfoco\/wp-content\/uploads\/2026\/09\/canao1-120x86.jpg 120w, https:\/\/www.em.com.br\/emfoco\/wp-content\/uploads\/2026\/09\/canao1-750x536.jpg 750w\" sizes=\"(max-width: 350px) 100vw, 350px\" \/><\/div><\/a>\n                        <div class=\"jeg_post_category\">\n                            <span><a href=\"https:\/\/www.em.com.br\/emfoco\/categoria\/entretenimento\/\" class=\"category-entretenimento\">Entretenimento<\/a><\/span>\n                        <\/div>\n                    <\/div>\n                    <div class=\"jeg_postblock_content\">\n                        <h3 class=\"jeg_post_title\">\n                            <a href=\"https:\/\/www.em.com.br\/emfoco\/2026\/09\/03\/cacadores-chegaram-a-malta-ha-8-500-anos-depois-de-atravessar-pelo-menos-100-quilometros-de-mar-aberto-em-embarcacoes-desconhecidas\/\">Ca\u00e7adores chegaram a Malta h\u00e1 8.500 anos depois de atravessar pelo menos 100 quil\u00f4metros de mar aberto em embarca\u00e7\u00f5es desconhecidas<\/a>\n                        <\/h3>\n                        <div class=\"jeg_post_meta\"><div class=\"jeg_meta_date\"><a href=\"https:\/\/www.em.com.br\/emfoco\/2026\/09\/03\/cacadores-chegaram-a-malta-ha-8-500-anos-depois-de-atravessar-pelo-menos-100-quilometros-de-mar-aberto-em-embarcacoes-desconhecidas\/\" ><i class=\"fa fa-clock-o\"><\/i> 03\/09\/2026<\/a><\/div><\/div>\n                    <\/div>\n                <\/article><article class=\"jeg_post jeg_pl_md_5 format-standard\">\n                    <div class=\"jeg_thumb\">\n                        \n                        <a href=\"https:\/\/www.em.com.br\/emfoco\/2026\/09\/03\/o-paraiso-a-algumas-horas-de-bh-com-50-praias-e-areias-curativas-que-encantam-visitantes-do-mundo-desde-os-anos-1960\/\" aria-label=\"Read article: O para\u00edso a algumas horas de BH com 50 praias e areias curativas que encantam visitantes do mundo desde os anos 1960\"><div class=\"thumbnail-container  size-715 \"><img decoding=\"async\" width=\"350\" height=\"250\" src=\"https:\/\/www.em.com.br\/emfoco\/wp-content\/uploads\/2026\/09\/image-3-350x250.png\" class=\"attachment-jnews-350x250 size-jnews-350x250 wp-post-image\" alt=\"A fama das areias atravessou gera\u00e7\u00f5es e ajudou a colocar o destino no mapa tur\u00edstico (imagem ilustrativa)\" srcset=\"https:\/\/www.em.com.br\/emfoco\/wp-content\/uploads\/2026\/09\/image-3-350x250.png 350w, https:\/\/www.em.com.br\/emfoco\/wp-content\/uploads\/2026\/09\/image-3-120x86.png 120w, https:\/\/www.em.com.br\/emfoco\/wp-content\/uploads\/2026\/09\/image-3-750x536.png 750w\" sizes=\"(max-width: 350px) 100vw, 350px\" \/><\/div><\/a>\n                        <div class=\"jeg_post_category\">\n                            <span><a href=\"https:\/\/www.em.com.br\/emfoco\/categoria\/cidades\/\" class=\"category-cidades\">Cidades<\/a><\/span>\n                        <\/div>\n                    <\/div>\n                    <div class=\"jeg_postblock_content\">\n                        <h3 class=\"jeg_post_title\">\n                            <a href=\"https:\/\/www.em.com.br\/emfoco\/2026\/09\/03\/o-paraiso-a-algumas-horas-de-bh-com-50-praias-e-areias-curativas-que-encantam-visitantes-do-mundo-desde-os-anos-1960\/\">O para\u00edso a algumas horas de BH com 50 praias e areias curativas que encantam visitantes do mundo desde os anos 1960<\/a>\n                        <\/h3>\n                        <div class=\"jeg_post_meta\"><div class=\"jeg_meta_date\"><a href=\"https:\/\/www.em.com.br\/emfoco\/2026\/09\/03\/o-paraiso-a-algumas-horas-de-bh-com-50-praias-e-areias-curativas-que-encantam-visitantes-do-mundo-desde-os-anos-1960\/\" ><i class=\"fa fa-clock-o\"><\/i> 03\/09\/2026<\/a><\/div><\/div>\n                    <\/div>\n                <\/article><article class=\"jeg_post jeg_pl_md_5 format-standard\">\n                    <div class=\"jeg_thumb\">\n                        \n                        <a href=\"https:\/\/www.em.com.br\/emfoco\/2026\/09\/03\/a-mal-tiempo-buena-cara-o-proverbio-espanhol-que-nao-manda-ignorar-o-problema-mas-escolher-como-enfrenta-lo\/\" aria-label=\"Read article: \u201cA mal tiempo, buena cara\u201d: o prov\u00e9rbio espanhol que n\u00e3o manda ignorar o problema, mas escolher como enfrent\u00e1-lo\"><div class=\"thumbnail-container  size-715 \"><img decoding=\"async\" width=\"350\" height=\"250\" src=\"https:\/\/www.em.com.br\/emfoco\/wp-content\/uploads\/2026\/09\/chuva1-350x250.jpg\" class=\"attachment-jnews-350x250 size-jnews-350x250 wp-post-image\" alt=\"A express\u00e3o fala menos sobre sorrir e mais sobre escolher a postura diante da dificuldade\" srcset=\"https:\/\/www.em.com.br\/emfoco\/wp-content\/uploads\/2026\/09\/chuva1-350x250.jpg 350w, https:\/\/www.em.com.br\/emfoco\/wp-content\/uploads\/2026\/09\/chuva1-120x86.jpg 120w, https:\/\/www.em.com.br\/emfoco\/wp-content\/uploads\/2026\/09\/chuva1-750x536.jpg 750w\" sizes=\"(max-width: 350px) 100vw, 350px\" \/><\/div><\/a>\n                        <div class=\"jeg_post_category\">\n                            <span><a href=\"https:\/\/www.em.com.br\/emfoco\/categoria\/curiosidades\/\" class=\"category-curiosidades\">Curiosidades<\/a><\/span>\n                        <\/div>\n                    <\/div>\n                    <div class=\"jeg_postblock_content\">\n                        <h3 class=\"jeg_post_title\">\n                            <a href=\"https:\/\/www.em.com.br\/emfoco\/2026\/09\/03\/a-mal-tiempo-buena-cara-o-proverbio-espanhol-que-nao-manda-ignorar-o-problema-mas-escolher-como-enfrenta-lo\/\">\u201cA mal tiempo, buena cara\u201d: o prov\u00e9rbio espanhol que n\u00e3o manda ignorar o problema, mas escolher como enfrent\u00e1-lo<\/a>\n                        <\/h3>\n                        <div class=\"jeg_post_meta\"><div class=\"jeg_meta_date\"><a href=\"https:\/\/www.em.com.br\/emfoco\/2026\/09\/03\/a-mal-tiempo-buena-cara-o-proverbio-espanhol-que-nao-manda-ignorar-o-problema-mas-escolher-como-enfrenta-lo\/\" ><i class=\"fa fa-clock-o\"><\/i> 03\/09\/2026<\/a><\/div><\/div>\n                    <\/div>\n                <\/article>\n                    <\/div>\n                <\/div>\n                    <div class='module-overlay'>\n\t\t\t\t    <div class='preloader_type preloader_dot'>\n\t\t\t\t        <div class=\"module-preloader jeg_preloader dot\">\n\t\t\t\t            <span><\/span><span><\/span><span><\/span>\n\t\t\t\t        <\/div>\n\t\t\t\t        <div class=\"module-preloader jeg_preloader circle\">\n\t\t\t\t            <div class=\"jnews_preloader_circle_outer\">\n\t\t\t\t                <div class=\"jnews_preloader_circle_inner\"><\/div>\n\t\t\t\t            <\/div>\n\t\t\t\t        <\/div>\n\t\t\t\t        <div class=\"module-preloader jeg_preloader square\">\n\t\t\t\t            <div class=\"jeg_square\">\n\t\t\t\t                <div class=\"jeg_square_inner\"><\/div>\n\t\t\t\t            <\/div>\n\t\t\t\t        <\/div>\n\t\t\t\t    <\/div>\n\t\t\t\t<\/div>\n                <\/div>\n                <div class=\"jeg_block_navigation\">\n                    <div class='navigation_overlay'><div class='module-preloader jeg_preloader'><span><\/span><span><\/span><span><\/span><\/div><\/div>\n                    <div class=\"jeg_block_loadmore \">\n                    <a href=\"#\" class='' data-load='Veja mais' data-loading='Carregando'> Veja mais<\/a>\n                <\/div>\n                    \n                <\/div>\n\t\t\t\t\t\n\t\t\t\t\t<script>var jnews_module__2_6a9a3764020af = {\"header_icon\":\"\",\"first_title\":\"Ultimas \",\"second_title\":\"Not\\u00edcias \",\"url\":\"\",\"header_type\":\"heading_8\",\"header_background\":\"\",\"header_secondary_background\":\"\",\"header_text_color\":\"\",\"header_line_color\":\"\",\"header_accent_color\":\"\",\"header_filter_category\":\"\",\"header_filter_author\":\"\",\"header_filter_tag\":\"\",\"header_filter_text\":\"All\",\"sticky_post\":\"\",\"sticky_post_filter\":false,\"post_type\":\"post\",\"content_type\":\"all\",\"sponsor\":\"\",\"number_post\":\"12\",\"post_offset\":\"4\",\"unique_content\":\"unique1\",\"include_post\":\"\",\"included_only\":\"\",\"exclude_post\":\"\",\"include_category\":\"\",\"exclude_category\":\"\",\"include_author\":\"\",\"include_tag\":\"\",\"exclude_tag\":\"\",\"exclude_visited_post\":false,\"sort_by\":\"latest\",\"date_format\":\"default\",\"date_format_custom\":\"Y\\\/m\\\/d\",\"force_normal_image_load\":\"\",\"main_custom_image_size\":\"default\",\"pagination_mode\":\"loadmore\",\"pagination_nextprev_showtext\":\"\",\"pagination_number_post\":\"4\",\"pagination_scroll_limit\":0,\"boxed\":\"\",\"boxed_shadow\":\"\",\"el_id\":\"\",\"el_class\":\"\",\"scheme\":\"\",\"column_width\":\"auto\",\"title_color\":\"\",\"accent_color\":\"\",\"alt_color\":\"\",\"excerpt_color\":\"\",\"css\":\"\",\"compatible_column_notice\":\"\",\"paged\":1,\"column_class\":\"jeg_col_3o3\",\"class\":\"jnews_block_22\"};<\/script>\n\t\t\t\t<\/div>[\/vc_column][\/vc_row]<\/p>\n<\/div>","protected":false},"excerpt":{"rendered":"<p>[vc_row vc_row_background=&#8221;&#8221; css=&#8221;.vc_custom_1630555487733{margin-top: 20px !important;}&#8221;][vc_column][\/vc_column][\/vc_row][vc_row][vc_column][\/vc_column][\/vc_row][vc_row][vc_column][\/vc_column][\/vc_row]<\/p>\n","protected":false},"author":1,"featured_media":0,"parent":0,"menu_order":0,"comment_status":"closed","ping_status":"closed","template":"template-builder.php","meta":{"jnews_page_loop":[],"jnews_single_page":[],"jnews_social_meta":[],"footnotes":""},"class_list":["post-68","page","type-page","status-publish","hentry"],"yoast_head":"<!-- This site is optimized with the Yoast SEO plugin v28.3 - https:\/\/yoast.com\/product\/yoast-seo-wordpress\/ -->\n<title>Home - Estado de Minas - Em foco<\/title>\n<meta name=\"robots\" content=\"index, follow, max-snippet:-1, max-image-preview:large, max-video-preview:-1\" \/>\n<link rel=\"canonical\" href=\"https:\/\/www.em.com.br\/emfoco\/\" \/>\n<meta property=\"og:locale\" content=\"pt_BR\" \/>\n<meta property=\"og:type\" content=\"article\" \/>\n<meta property=\"og:title\" content=\"Home - Estado de Minas - Em foco\" \/>\n<meta property=\"og:description\" content=\"[vc_row vc_row_background=&#8221;&#8221; css=&#8221;.vc_custom_1630555487733{margin-top: 20px !important;}&#8221;][vc_column][\/vc_column][\/vc_row][vc_row][vc_column][\/vc_column][\/vc_row][vc_row][vc_column][\/vc_column][\/vc_row]\" \/>\n<meta property=\"og:url\" content=\"https:\/\/www.em.com.br\/emfoco\/\" \/>\n<meta property=\"og:site_name\" content=\"Estado de Minas - Em foco\" \/>\n<meta property=\"article:modified_time\" content=\"2024-11-06T01:33:20+00:00\" \/>\n<meta name=\"twitter:card\" content=\"summary_large_image\" \/>\n<meta name=\"twitter:label1\" content=\"Est. tempo de leitura\" \/>\n\t<meta name=\"twitter:data1\" content=\"1 minuto\" \/>\n<!-- \/ Yoast SEO plugin. -->","yoast_head_json":{"title":"Home - Estado de Minas - Em foco","robots":{"index":"index","follow":"follow","max-snippet":"max-snippet:-1","max-image-preview":"max-image-preview:large","max-video-preview":"max-video-preview:-1"},"canonical":"https:\/\/www.em.com.br\/emfoco\/","og_locale":"pt_BR","og_type":"article","og_title":"Home - Estado de Minas - Em foco","og_description":"[vc_row vc_row_background=&#8221;&#8221; css=&#8221;.vc_custom_1630555487733{margin-top: 20px !important;}&#8221;][vc_column][\/vc_column][\/vc_row][vc_row][vc_column][\/vc_column][\/vc_row][vc_row][vc_column][\/vc_column][\/vc_row]","og_url":"https:\/\/www.em.com.br\/emfoco\/","og_site_name":"Estado de Minas - Em foco","article_modified_time":"2024-11-06T01:33:20+00:00","twitter_card":"summary_large_image","twitter_misc":{"Est. tempo de leitura":"1 minuto"},"schema":{"@context":"https:\/\/schema.org","@graph":[{"@type":"WebPage","@id":"https:\/\/www.em.com.br\/emfoco\/","url":"https:\/\/www.em.com.br\/emfoco\/","name":"Home - Estado de Minas - Em foco","isPartOf":{"@id":"https:\/\/www.em.com.br\/emfoco\/#website"},"datePublished":"2024-09-03T01:21:08+00:00","dateModified":"2024-11-06T01:33:20+00:00","breadcrumb":{"@id":"https:\/\/www.em.com.br\/emfoco\/#breadcrumb"},"inLanguage":"pt-BR","potentialAction":[{"@type":"ReadAction","target":["https:\/\/www.em.com.br\/emfoco\/"]}]},{"@type":"BreadcrumbList","@id":"https:\/\/www.em.com.br\/emfoco\/#breadcrumb","itemListElement":[{"@type":"ListItem","position":1,"name":"In\u00edcio","item":"https:\/\/www.em.com.br\/emfoco\/"},{"@type":"ListItem","position":2,"name":"Home"}]},{"@type":"WebSite","@id":"https:\/\/www.em.com.br\/emfoco\/#website","url":"https:\/\/www.em.com.br\/emfoco\/","name":"Estado de Minas - Em foco","description":"Acompanhe as \u00faltimas not\u00edcias e fique bem informado sobre tudo o que acontece em Minas Gerais, Brasil e no mundo.","potentialAction":[{"@type":"SearchAction","target":{"@type":"EntryPoint","urlTemplate":"https:\/\/www.em.com.br\/emfoco\/?s={search_term_string}"},"query-input":{"@type":"PropertyValueSpecification","valueRequired":true,"valueName":"search_term_string"}}],"inLanguage":"pt-BR"}]}},"_links":{"self":[{"href":"https:\/\/www.em.com.br\/emfoco\/wp-json\/wp\/v2\/pages\/68","targetHints":{"allow":["GET"]}}],"collection":[{"href":"https:\/\/www.em.com.br\/emfoco\/wp-json\/wp\/v2\/pages"}],"about":[{"href":"https:\/\/www.em.com.br\/emfoco\/wp-json\/wp\/v2\/types\/page"}],"author":[{"embeddable":true,"href":"https:\/\/www.em.com.br\/emfoco\/wp-json\/wp\/v2\/users\/1"}],"replies":[{"embeddable":true,"href":"https:\/\/www.em.com.br\/emfoco\/wp-json\/wp\/v2\/comments?post=68"}],"version-history":[{"count":1,"href":"https:\/\/www.em.com.br\/emfoco\/wp-json\/wp\/v2\/pages\/68\/revisions"}],"predecessor-version":[{"id":89,"href":"https:\/\/www.em.com.br\/emfoco\/wp-json\/wp\/v2\/pages\/68\/revisions\/89"}],"wp:attachment":[{"href":"https:\/\/www.em.com.br\/emfoco\/wp-json\/wp\/v2\/media?parent=68"}],"curies":[{"name":"wp","href":"https:\/\/api.w.org\/{rel}","templated":true}]}}